{"id":3844,"date":"2025-05-31T19:44:32","date_gmt":"2025-05-31T17:44:32","guid":{"rendered":"https:\/\/lam-automobiles.com\/?post_type=product&#038;p=3844"},"modified":"2025-06-30T13:44:48","modified_gmt":"2025-06-30T11:44:48","slug":"renault-captur-tce-90","status":"publish","type":"product","link":"https:\/\/lam-automobiles.com\/product\/renault-captur-tce-90\/","title":{"rendered":"Renault Captur TCe 90"},"content":{"rendered":"<div class=\"elementor-element elementor-element-6ad2e22 elementor-widget elementor-widget-text-editor animated fadeInUp\" data-id=\"6ad2e22\" data-element_type=\"widget\" data-settings=\"{&quot;_animation&quot;:&quot;fadeInUp&quot;}\" data-widget_type=\"text-editor.default\">\n<div class=\"elementor-widget-container\">\n<blockquote><p>Dur\u00e9e de la garantie : 12 mois<\/p><\/blockquote>\n<\/div>\n<\/div>\n<section class=\"elementor-section elementor-inner-section elementor-element elementor-element-5723ede elementor-section-boxed elementor-section-height-default elementor-section-height-default wpr-particle-no wpr-jarallax-no wpr-parallax-no wpr-sticky-section-no\" data-id=\"5723ede\" data-element_type=\"section\">\n<div class=\"elementor-container elementor-column-gap-default\">\n<div class=\"elementor-column elementor-col-100 elementor-inner-column elementor-element elementor-element-42caf2f\" data-id=\"42caf2f\" data-element_type=\"column\">\n<div class=\"elementor-widget-wrap elementor-element-populated\">\n<div class=\"elementor-element elementor-element-f767d3c elementor-widget elementor-widget-heading animated fadeInUp\" data-id=\"f767d3c\" data-element_type=\"widget\" data-settings=\"{&quot;_animation&quot;:&quot;fadeInUp&quot;}\" data-widget_type=\"heading.default\">\n<div class=\"elementor-widget-container\">\n<h3 class=\"elementor-heading-title elementor-size-default\">Caract\u00e9ristiques techniques<\/h3>\n<\/div>\n<\/div>\n<\/div>\n<\/div>\n<\/div>\n<\/section>\n<div class=\"elementor-element elementor-element-9593904 elementor-icon-list--layout-traditional elementor-list-item-link-full_width elementor-widget elementor-widget-icon-list\" data-id=\"9593904\" data-element_type=\"widget\" data-widget_type=\"icon-list.default\">\n<div class=\"elementor-widget-container\">\n<ul>\n<li style=\"text-align: left;\"><span class=\"elementor-icon-list-text\"><b>1\u00e8re mise en circulation :<span> <\/span><\/b><span>14 MARS 2022<\/span><\/span><\/li>\n<li style=\"text-align: left;\"><span class=\"elementor-icon-list-text\"><b>Mod\u00e8le :<span>\u00a0<\/span><\/b><span>ZEN<\/span><\/span><\/li>\n<li style=\"text-align: left;\"><span class=\"elementor-icon-list-text\"><b>Puissance fiscale :<\/b> 5 CV<\/span><\/li>\n<li style=\"text-align: left;\"><strong>Energie<\/strong> : Essence<\/li>\n<li><strong>Emission CO2<\/strong> : 133 CO2\/km &#8211; Crit&rsquo;air 1<\/li>\n<li><strong>Bo\u00eete<\/strong> : manuelle<\/li>\n<li><strong>Kilom\u00e9trage<\/strong> : 30 103 KM\n<ul>\n<li style=\"list-style-type: none;\">\n<ul><\/ul>\n<\/li>\n<\/ul>\n<\/li>\n<\/ul>\n<\/div>\n<\/div>\n<section class=\"elementor-section elementor-inner-section elementor-element elementor-element-9bf51bf elementor-section-boxed elementor-section-height-default elementor-section-height-default wpr-particle-no wpr-jarallax-no wpr-parallax-no wpr-sticky-section-no\" data-id=\"9bf51bf\" data-element_type=\"section\">\n<div class=\"elementor-container elementor-column-gap-default\">\n<div class=\"elementor-column elementor-col-100 elementor-inner-column elementor-element elementor-element-4600c49\" data-id=\"4600c49\" data-element_type=\"column\">\n<div class=\"elementor-widget-wrap elementor-element-populated\">\n<div class=\"elementor-element elementor-element-ed7f2a6 elementor-widget elementor-widget-heading animated fadeInUp\" data-id=\"ed7f2a6\" data-element_type=\"widget\" data-settings=\"{&quot;_animation&quot;:&quot;fadeInUp&quot;}\" data-widget_type=\"heading.default\">\n<div class=\"elementor-widget-container\">\n<h3 class=\"elementor-heading-title elementor-size-default\">Equipements<\/h3>\n<\/div>\n<\/div>\n<\/div>\n<\/div>\n<\/div>\n<\/section>\n<div class=\"elementor-element elementor-element-f37c50b elementor-widget elementor-widget-text-editor animated fadeInUp\" data-id=\"f37c50b\" data-element_type=\"widget\" data-settings=\"{&quot;_animation&quot;:&quot;fadeInUp&quot;}\" data-widget_type=\"text-editor.default\">\n<div class=\"elementor-widget-container\">\n<ul>\n<li>Pack Confort \/ S\u00e9curit\u00e9 standard<\/li>\n<li>Peinture bi-ton (montants de pare-brise, coques de r\u00e9troviseurs, toit)<\/li>\n<li>Peinture Gris Higland<\/li>\n<li>Toit Noir \u00c9toil\u00e9<\/li>\n<li>R\u00e9troviseurs ext\u00e9rieurs d\u00e9givrants<\/li>\n<li>Roue de secours galette<\/li>\n<\/ul>\n<\/div>\n<\/div>\n","protected":false},"excerpt":{"rendered":"<blockquote><p><strong>Vous appr\u00e9cierez son design moderne et dynamique.<\/strong><\/p><\/blockquote>\n<h4><strong>Venez l&rsquo;essayer !<\/strong><\/h4>\n","protected":false},"featured_media":3812,"template":"","meta":[],"product_brand":[],"product_cat":[58],"product_tag":[],"class_list":{"0":"post-3844","1":"product","2":"type-product","3":"status-publish","4":"has-post-thumbnail","6":"product_cat-renault","8":"first","9":"instock","10":"sold-individually","11":"shipping-taxable","12":"purchasable","13":"product-type-simple"},"aioseo_notices":[],"_links":{"self":[{"href":"https:\/\/lam-automobiles.com\/nov-apijson\/wp\/v2\/product\/3844","targetHints":{"allow":["GET"]}}],"collection":[{"href":"https:\/\/lam-automobiles.com\/nov-apijson\/wp\/v2\/product"}],"about":[{"href":"https:\/\/lam-automobiles.com\/nov-apijson\/wp\/v2\/types\/product"}],"wp:featuredmedia":[{"embeddable":true,"href":"https:\/\/lam-automobiles.com\/nov-apijson\/wp\/v2\/media\/3812"}],"wp:attachment":[{"href":"https:\/\/lam-automobiles.com\/nov-apijson\/wp\/v2\/media?parent=3844"}],"wp:term":[{"taxonomy":"product_brand","embeddable":true,"href":"https:\/\/lam-automobiles.com\/nov-apijson\/wp\/v2\/product_brand?post=3844"},{"taxonomy":"product_cat","embeddable":true,"href":"https:\/\/lam-automobiles.com\/nov-apijson\/wp\/v2\/product_cat?post=3844"},{"taxonomy":"product_tag","embeddable":true,"href":"https:\/\/lam-automobiles.com\/nov-apijson\/wp\/v2\/product_tag?post=3844"}],"curies":[{"name":"wp","href":"https:\/\/api.w.org\/{rel}","templated":true}]}}